{"id":59,"date":"2014-03-09T09:13:27","date_gmt":"2014-03-09T08:13:27","guid":{"rendered":"http:\/\/treteaux.ch\/cms\/?page_id=59"},"modified":"2024-11-13T21:38:00","modified_gmt":"2024-11-13T20:38:00","slug":"le-comite-et-les-membres-dhonneur","status":"publish","type":"page","link":"https:\/\/treteaux.ch\/cms\/renseignements-pratiques\/le-comite-et-les-membres-dhonneur\/","title":{"rendered":"Le Comit\u00e9 et les membres d&rsquo;honneur"},"content":{"rendered":"<p><div class=\"et_d4_element et_pb_section et_pb_section_0  et_pb_css_mix_blend_mode et_section_regular et_block_section\" >\n\t\t\t\t\n\t\t\t\t\n\t\t\t\t\n\t\t\t\t\n\t\t\t\t\n\t\t\t\t\n\t\t\t\t<div class=\"et_d4_element et_pb_row et_pb_row_0  et_pb_css_mix_blend_mode et_block_row\">\n\t\t\t\t<div class=\"et_d4_element et_pb_column_4_4 et_pb_column et_pb_column_0  et_pb_css_mix_blend_mode et-last-child et_block_column\">\n\t\t\t\t\n\t\t\t\t\n\t\t\t\t\n\t\t\t\t\n\t\t\t\t<div class=\"et_pb_module et_d4_element et_pb_nextend_smart_slider_3 et_pb_nextend_smart_slider_3_0\">\n\t\t\t\t\n\t\t\t\t\n\t\t\t\t\n\t\t\t\t\n\t\t\t\t\n\t\t\t\t\n\t\t\t\t<div class=\"et_pb_module_inner\">\n\t\t\t\t\t\n\t\t\t\t<\/div>\n\t\t\t<\/div><div class=\"et_pb_module et_d4_element et_pb_text et_pb_text_0  et_pb_text_align_left et_pb_bg_layout_light\">\n\t\t\t\t\n\t\t\t\t\n\t\t\t\t\n\t\t\t\t\n\t\t\t\t<div class=\"et_pb_text_inner\"><h1 style=\"text-align: center;\">Le Comit\u00e9 et les membres d'honneur<\/h1><\/div>\n\t\t\t<\/div>\n\t\t\t<\/div>\n\t\t\t\t\n\t\t\t\t\n\t\t\t\t\n\t\t\t\t\n\t\t\t<\/div>\n\t\t\t\t\n\t\t\t\t\n\t\t\t<\/div><div class=\"et_pb_with_border et_d4_element et_pb_section et_pb_section_1  et_pb_css_mix_blend_mode et_section_regular et_block_section\" >\n\t\t\t\t\n\t\t\t\t\n\t\t\t\t\n\t\t\t\t\n\t\t\t\t\n\t\t\t\t\n\t\t\t\t<div class=\"et_d4_element et_pb_row et_pb_row_1  et_pb_css_mix_blend_mode et_block_row\">\n\t\t\t\t<div class=\"et_d4_element et_pb_column_4_4 et_pb_column et_pb_column_1  et_pb_css_mix_blend_mode et-last-child et_block_column\">\n\t\t\t\t\n\t\t\t\t\n\t\t\t\t\n\t\t\t\t\n\t\t\t\t<div class=\"et_pb_module et_d4_element et_pb_text et_pb_text_1  et_pb_text_align_left et_pb_bg_layout_light\">\n\t\t\t\t\n\t\t\t\t\n\t\t\t\t\n\t\t\t\t\n\t\t\t\t<div class=\"et_pb_text_inner\"><h1 style=\"text-align: center;\">Le Comit\u00e9<\/h1><\/div>\n\t\t\t<\/div>\n\t\t\t<\/div>\n\t\t\t\t\n\t\t\t\t\n\t\t\t\t\n\t\t\t\t\n\t\t\t<\/div><div class=\"et_d4_element et_pb_row et_pb_row_2  et_pb_css_mix_blend_mode et_block_row\">\n\t\t\t\t<div class=\"et_d4_element et_pb_column_1_3 et_pb_column et_pb_column_2  et_pb_css_mix_blend_mode et_block_column\">\n\t\t\t\t\n\t\t\t\t\n\t\t\t\t\n\t\t\t\t\n\t\t\t\t<div class=\"et_pb_module et_d4_element et_pb_text et_pb_text_2  et_pb_text_align_left et_pb_bg_layout_light\">\n\t\t\t\t\n\t\t\t\t\n\t\t\t\t\n\t\t\t\t\n\t\t\t\t<div class=\"et_pb_text_inner\"><p style=\"text-align: center;\"><strong><a href=\"https:\/\/treteaux.ch\/cms\/wp-content\/uploads\/2023\/10\/Mike-gris.jpg\"><img loading=\"lazy\" decoding=\"async\" src=\"https:\/\/treteaux.ch\/cms\/wp-content\/uploads\/2023\/10\/Mike-gris.jpg\" width=\"200\" height=\"200\" alt=\"\" class=\"wp-image-8223 alignnone size-full\" srcset=\"https:\/\/treteaux.ch\/cms\/wp-content\/uploads\/2023\/10\/Mike-gris.jpg 200w, https:\/\/treteaux.ch\/cms\/wp-content\/uploads\/2023\/10\/Mike-gris-150x150.jpg 150w\" sizes=\"(max-width: 200px) 100vw, 200px\" \/><\/a><a href=\"https:\/\/treteaux.ch\/cms\/wp-content\/uploads\/2019\/09\/Jean-Bernard-Tissot-2019-NB.jpg\"><\/a><a href=\"https:\/\/treteaux.ch\/cms\/wp-content\/uploads\/2019\/09\/Jean-Bernard-Tissot-2019-NB.jpg\"><\/a><\/strong><\/p>\n<p style=\"text-align: center;\"><strong>Michel-Robert Maillard, dit Mike<\/strong><\/p>\n<p style=\"text-align: center;\">Pr\u00e9sident<\/p><\/div>\n\t\t\t<\/div>\n\t\t\t<\/div><div class=\"et_d4_element et_pb_column_1_3 et_pb_column et_pb_column_3  et_pb_css_mix_blend_mode et_block_column\">\n\t\t\t\t\n\t\t\t\t\n\t\t\t\t\n\t\t\t\t\n\t\t\t\t<div class=\"et_pb_module et_d4_element et_pb_text et_pb_text_3  et_pb_text_align_left et_pb_bg_layout_light\">\n\t\t\t\t\n\t\t\t\t\n\t\t\t\t\n\t\t\t\t\n\t\t\t\t<div class=\"et_pb_text_inner\"><div dir=\"auto\" style=\"text-align: center;\"><strong><a href=\"https:\/\/treteaux.ch\/cms\/wp-content\/uploads\/2021\/03\/Pasquier-Pierre-Michel-bw.jpg\"><img loading=\"lazy\" decoding=\"async\" src=\"https:\/\/treteaux.ch\/cms\/wp-content\/uploads\/2021\/03\/Pasquier-Pierre-Michel-bw-250x300.jpg\" width=\"250\" height=\"300\" alt=\"\" class=\"wp-image-6785 alignnone size-medium\" \/><\/a><\/strong><\/div>\n<div dir=\"auto\" style=\"text-align: center;\"><strong>Pierre-Michel Pasquier<\/strong><\/div>\n<div dir=\"auto\" style=\"text-align: center;\">Vice-pr\u00e9sident<\/div>\n<div dir=\"auto\" style=\"text-align: center;\">Responsable de la<\/div>\n<div dir=\"auto\" style=\"text-align: center;\">Compagnie de St Nicolas<\/div>\n<div class=\"yj6qo ajU\" style=\"text-align: center;\"><\/div>\n<p>.<\/p><\/div>\n\t\t\t<\/div>\n\t\t\t<\/div><div class=\"et_d4_element et_pb_column_1_3 et_pb_column et_pb_column_4  et_pb_css_mix_blend_mode et-last-child et_block_column\">\n\t\t\t\t\n\t\t\t\t\n\t\t\t\t\n\t\t\t\t\n\t\t\t\t<div class=\"et_pb_module et_d4_element et_pb_text et_pb_text_4  et_pb_text_align_left et_pb_bg_layout_light\">\n\t\t\t\t\n\t\t\t\t\n\t\t\t\t\n\t\t\t\t\n\t\t\t\t<div class=\"et_pb_text_inner\"><p style=\"text-align: center;\"><strong><a href=\"https:\/\/treteaux.ch\/cms\/wp-content\/uploads\/2021\/03\/Barbara_gris-bw.jpg\"><\/a><a href=\"https:\/\/treteaux.ch\/cms\/wp-content\/uploads\/2021\/03\/Christine-bw.jpg\"><img loading=\"lazy\" decoding=\"async\" src=\"https:\/\/treteaux.ch\/cms\/wp-content\/uploads\/2021\/03\/Christine-bw-251x300.jpg\" width=\"251\" height=\"300\" alt=\"\" class=\"wp-image-6781 alignnone size-medium\" srcset=\"https:\/\/treteaux.ch\/cms\/wp-content\/uploads\/2021\/03\/Christine-bw-251x300.jpg 251w, https:\/\/treteaux.ch\/cms\/wp-content\/uploads\/2021\/03\/Christine-bw.jpg 294w\" sizes=\"(max-width: 251px) 100vw, 251px\" \/><\/a>\u00a0<a href=\"https:\/\/treteaux.ch\/cms\/wp-content\/uploads\/2021\/03\/Florine-bw-scaled.jpg\"><\/a><\/strong><\/p>\n<p style=\"text-align: center;\"><strong>Christine Passaplan-Gurtner<\/strong><\/p>\n<p style=\"text-align: center;\">Tr\u00e9sori\u00e8re<\/p><\/div>\n\t\t\t<\/div>\n\t\t\t<\/div>\n\t\t\t\t\n\t\t\t\t\n\t\t\t\t\n\t\t\t\t\n\t\t\t<\/div><div class=\"et_d4_element et_pb_row et_pb_row_3  et_pb_css_mix_blend_mode et_block_row\">\n\t\t\t\t<div class=\"et_d4_element et_pb_column_1_4 et_pb_column et_pb_column_5  et_pb_css_mix_blend_mode et_block_column\">\n\t\t\t\t\n\t\t\t\t\n\t\t\t\t\n\t\t\t\t\n\t\t\t\t<div class=\"et_pb_module et_d4_element et_pb_text et_pb_text_5  et_pb_text_align_left et_pb_bg_layout_light\">\n\t\t\t\t\n\t\t\t\t\n\t\t\t\t\n\t\t\t\t\n\t\t\t\t<div class=\"et_pb_text_inner\"><p style=\"text-align: center;\"><strong><a href=\"https:\/\/treteaux.ch\/cms\/wp-content\/uploads\/2019\/09\/Th\u00e9o-Savary-2019-NB.jpg\"><\/a><a href=\"https:\/\/treteaux.ch\/cms\/wp-content\/uploads\/2019\/09\/Th\u00e9o-Savary-2019-NB.jpg\"><\/a><a href=\"https:\/\/treteaux.ch\/cms\/wp-content\/uploads\/2019\/09\/Th\u00e9o-Savary-2019-NB.jpg\"><img loading=\"lazy\" decoding=\"async\" src=\"https:\/\/treteaux.ch\/cms\/wp-content\/uploads\/2019\/09\/Th\u00e9o-Savary-2019-NB-255x300.jpg\" width=\"255\" height=\"300\" alt=\"\" class=\"wp-image-6380 alignnone size-medium\" srcset=\"https:\/\/treteaux.ch\/cms\/wp-content\/uploads\/2019\/09\/Th\u00e9o-Savary-2019-NB-255x300.jpg 255w, https:\/\/treteaux.ch\/cms\/wp-content\/uploads\/2019\/09\/Th\u00e9o-Savary-2019-NB-480x566.jpg 480w, https:\/\/treteaux.ch\/cms\/wp-content\/uploads\/2019\/09\/Th\u00e9o-Savary-2019-NB.jpg 644w\" sizes=\"(max-width: 255px) 100vw, 255px\" \/><\/a><a href=\"https:\/\/treteaux.ch\/cms\/wp-content\/uploads\/2019\/09\/Th\u00e9o-Savary-2019-NB.jpg\"><\/a><a href=\"https:\/\/treteaux.ch\/cms\/wp-content\/uploads\/2019\/09\/Th\u00e9o-Savary-2019-NB.jpg\"><\/a><\/strong><\/p>\n<p style=\"text-align: center;\"><strong>Th\u00e9o Savary<\/strong><\/p>\n<p style=\"text-align: center;\">Metteur en sc\u00e8ne<br \/>D\u00e9veloppement artistique<\/p><\/div>\n\t\t\t<\/div>\n\t\t\t<\/div><div class=\"et_d4_element et_pb_column_1_4 et_pb_column et_pb_column_6  et_pb_css_mix_blend_mode et_block_column\">\n\t\t\t\t\n\t\t\t\t\n\t\t\t\t\n\t\t\t\t\n\t\t\t\t<div class=\"et_pb_module et_d4_element et_pb_text et_pb_text_6  et_pb_text_align_left et_pb_bg_layout_light\">\n\t\t\t\t\n\t\t\t\t\n\t\t\t\t\n\t\t\t\t\n\t\t\t\t<div class=\"et_pb_text_inner\"><p style=\"text-align: center;\"><strong><a href=\"https:\/\/treteaux.ch\/cms\/wp-content\/uploads\/2021\/03\/Florine-bw-scaled.jpg\"><img loading=\"lazy\" decoding=\"async\" src=\"https:\/\/treteaux.ch\/cms\/wp-content\/uploads\/2021\/03\/Florine-bw-250x300.jpg\" width=\"250\" height=\"300\" alt=\"\" class=\"wp-image-6782 alignnone size-medium\" \/><\/a><\/strong><\/p>\n<p style=\"text-align: center;\"><strong>Florine Oury<\/strong><\/p>\n<p style=\"text-align: center;\">Communication <br \/>D\u00e9veloppement artistique<\/p><\/div>\n\t\t\t<\/div>\n\t\t\t<\/div><div class=\"et_d4_element et_pb_column_1_4 et_pb_column et_pb_column_7  et_pb_css_mix_blend_mode et_block_column\">\n\t\t\t\t\n\t\t\t\t\n\t\t\t\t\n\t\t\t\t\n\t\t\t\t<div class=\"et_pb_module et_d4_element et_pb_text et_pb_text_7  et_pb_text_align_left et_pb_bg_layout_light\">\n\t\t\t\t\n\t\t\t\t\n\t\t\t\t\n\t\t\t\t\n\t\t\t\t<div class=\"et_pb_text_inner\"><p style=\"text-align: center;\"><strong><a href=\"https:\/\/treteaux.ch\/cms\/wp-content\/uploads\/2021\/03\/Barbara_gris-bw.jpg\"><img loading=\"lazy\" decoding=\"async\" src=\"https:\/\/treteaux.ch\/cms\/wp-content\/uploads\/2021\/03\/Barbara_gris-bw-250x300.jpg\" width=\"250\" height=\"300\" alt=\"\" class=\"wp-image-6780 alignnone size-medium\" srcset=\"https:\/\/treteaux.ch\/cms\/wp-content\/uploads\/2021\/03\/Barbara_gris-bw-250x300.jpg 250w, https:\/\/treteaux.ch\/cms\/wp-content\/uploads\/2021\/03\/Barbara_gris-bw.jpg 301w\" sizes=\"(max-width: 250px) 100vw, 250px\" \/><\/a><\/strong><\/p>\n<p style=\"text-align: center;\"><strong>Barbara Von D\u00e4niken<\/strong><\/p>\n<p style=\"text-align: center;\"><span>\u00a0Responsable B\u00e2timent<br \/>Organisation de spectacles<br \/>D\u00e9veloppement artistique<\/span><\/p><\/div>\n\t\t\t<\/div>\n\t\t\t<\/div><div class=\"et_d4_element et_pb_column_1_4 et_pb_column et_pb_column_8  et_pb_css_mix_blend_mode et-last-child et_block_column\">\n\t\t\t\t\n\t\t\t\t\n\t\t\t\t\n\t\t\t\t\n\t\t\t\t<div class=\"et_pb_module et_d4_element et_pb_text et_pb_text_8  et_pb_text_align_left et_pb_bg_layout_light\">\n\t\t\t\t\n\t\t\t\t\n\t\t\t\t\n\t\t\t\t\n\t\t\t\t<div class=\"et_pb_text_inner\"><p style=\"text-align: center;\"><a href=\"https:\/\/treteaux.ch\/cms\/wp-content\/uploads\/2022\/03\/Anne-Marie-Maillard-gris-1.jpg\"><img loading=\"lazy\" decoding=\"async\" src=\"https:\/\/treteaux.ch\/cms\/wp-content\/uploads\/2022\/03\/Anne-Marie-Maillard-gris-1-250x300.jpg\" alt=\"\" class=\"wp-image-8153 alignnone size-medium\" width=\"250\" height=\"300\" \/><\/a><\/p>\n<p style=\"text-align: center;\"><strong>Anne Marie Maillard<\/strong><\/p>\n<p style=\"text-align: center;\">Secr\u00e9taire<\/p><\/div>\n\t\t\t<\/div>\n\t\t\t<\/div>\n\t\t\t\t\n\t\t\t\t\n\t\t\t\t\n\t\t\t\t\n\t\t\t<\/div>\n\t\t\t\t\n\t\t\t\t\n\t\t\t<\/div><div class=\"et_pb_with_border et_d4_element et_pb_section et_pb_section_2  et_pb_css_mix_blend_mode et_section_regular et_block_section\" >\n\t\t\t\t\n\t\t\t\t\n\t\t\t\t\n\t\t\t\t\n\t\t\t\t\n\t\t\t\t\n\t\t\t\t<div class=\"et_d4_element et_pb_row et_pb_row_4  et_pb_css_mix_blend_mode et_block_row\">\n\t\t\t\t<div class=\"et_d4_element et_pb_column_4_4 et_pb_column et_pb_column_9  et_pb_css_mix_blend_mode et-last-child et_block_column\">\n\t\t\t\t\n\t\t\t\t\n\t\t\t\t\n\t\t\t\t\n\t\t\t\t<div class=\"et_pb_module et_d4_element et_pb_text et_pb_text_9  et_pb_text_align_left et_pb_bg_layout_light\">\n\t\t\t\t\n\t\t\t\t\n\t\t\t\t\n\t\t\t\t\n\t\t\t\t<div class=\"et_pb_text_inner\"><h1 style=\"text-align: center;\">Les membres d'honneur<\/h1><\/div>\n\t\t\t<\/div>\n\t\t\t<\/div>\n\t\t\t\t\n\t\t\t\t\n\t\t\t\t\n\t\t\t\t\n\t\t\t<\/div><div class=\"et_d4_element et_pb_row et_pb_row_5  et_pb_css_mix_blend_mode et_block_row\">\n\t\t\t\t<div class=\"et_d4_element et_pb_column_1_2 et_pb_column et_pb_column_10  et_pb_css_mix_blend_mode et_block_column\">\n\t\t\t\t\n\t\t\t\t\n\t\t\t\t\n\t\t\t\t\n\t\t\t\t<div class=\"et_pb_module et_d4_element et_pb_text et_pb_text_10  et_pb_text_align_left et_pb_bg_layout_light\">\n\t\t\t\t\n\t\t\t\t\n\t\t\t\t\n\t\t\t\t\n\t\t\t\t<div class=\"et_pb_text_inner\"><p><img decoding=\"async\" src=\"https:\/\/treteaux.ch\/cms\/wp-content\/uploads\/2014\/03\/jpg_steinauer.jpg\" style=\"display: block; margin-left: auto; margin-right: auto;\" \/><\/p>\n<p style=\"text-align: center;\"><strong>Henri Steinauer<\/strong><br \/>\u2020 2004<br \/>Pr\u00e9sident de 1956-1989<br \/>Pr\u00e9sident d\u2019honneur<\/p><\/div>\n\t\t\t<\/div>\n\t\t\t<\/div><div class=\"et_d4_element et_pb_column_1_2 et_pb_column et_pb_column_11  et_pb_css_mix_blend_mode et-last-child et_block_column\">\n\t\t\t\t\n\t\t\t\t\n\t\t\t\t\n\t\t\t\t\n\t\t\t\t<div class=\"et_pb_module et_d4_element et_pb_text et_pb_text_11  et_pb_text_align_left et_pb_bg_layout_light\">\n\t\t\t\t\n\t\t\t\t\n\t\t\t\t\n\t\t\t\t\n\t\t\t\t<div class=\"et_pb_text_inner\"><p><img decoding=\"async\" src=\"https:\/\/treteaux.ch\/cms\/wp-content\/uploads\/2014\/03\/fdey.jpg\" style=\"display: block; margin-left: auto; margin-right: auto;\" \/><\/p>\n<p style=\"text-align: center;\"><strong>Fernand Dey<\/strong><br \/> \u2020 2019<br \/> Metteur en sc\u00e8ne de 1962-2005<br \/> Membre d\u2019honneur<\/p><\/div>\n\t\t\t<\/div>\n\t\t\t<\/div>\n\t\t\t\t\n\t\t\t\t\n\t\t\t\t\n\t\t\t\t\n\t\t\t<\/div><div class=\"et_d4_element et_pb_row et_pb_row_6  et_pb_css_mix_blend_mode et_block_row\">\n\t\t\t\t<div class=\"et_d4_element et_pb_column_1_3 et_pb_column et_pb_column_12  et_pb_css_mix_blend_mode et_block_column\">\n\t\t\t\t\n\t\t\t\t\n\t\t\t\t\n\t\t\t\t\n\t\t\t\t<div class=\"et_pb_module et_d4_element et_pb_text et_pb_text_12  et_pb_text_align_left et_pb_bg_layout_light\">\n\t\t\t\t\n\t\t\t\t\n\t\t\t\t\n\t\t\t\t\n\t\t\t\t<div class=\"et_pb_text_inner\"><p style=\"text-align: center;\"><strong><a href=\"https:\/\/treteaux.ch\/cms\/wp-content\/uploads\/2016\/04\/Th\u00e9o-2005-gris.jpg\"><\/a><a href=\"https:\/\/treteaux.ch\/cms\/wp-content\/uploads\/2019\/09\/Th\u00e9o-Savary-2019-NB.jpg\"><img loading=\"lazy\" decoding=\"async\" src=\"https:\/\/treteaux.ch\/cms\/wp-content\/uploads\/2019\/09\/Th\u00e9o-Savary-2019-NB.jpg\" width=\"269\" height=\"300\" alt=\"\" class=\"wp-image-6380 alignnone size-full\" \/><\/a><a href=\"https:\/\/treteaux.ch\/cms\/wp-content\/uploads\/2016\/04\/Th\u00e9o-2005-gris.jpg\"><\/a><\/strong><\/p>\n<p style=\"text-align: center;\"><strong>Th\u00e9o Savary<\/strong><br \/>\nMetteur en sc\u00e8ne, pr\u00e9sident de 1991 \u00e0 2003<\/p><\/div>\n\t\t\t<\/div>\n\t\t\t<\/div><div class=\"et_d4_element et_pb_column_1_3 et_pb_column et_pb_column_13  et_pb_css_mix_blend_mode et_block_column\">\n\t\t\t\t\n\t\t\t\t\n\t\t\t\t\n\t\t\t\t\n\t\t\t\t<div class=\"et_pb_module et_d4_element et_pb_text et_pb_text_13  et_pb_text_align_left et_pb_bg_layout_light\">\n\t\t\t\t\n\t\t\t\t\n\t\t\t\t\n\t\t\t\t\n\t\t\t\t<div class=\"et_pb_text_inner\"><p style=\"text-align: center;\"><a href=\"https:\/\/treteaux.ch\/cms\/wp-content\/uploads\/2019\/09\/Ulrich-Schutz-2019-NB.jpg\"><\/a><a href=\"https:\/\/treteaux.ch\/cms\/wp-content\/uploads\/2019\/09\/Ulrich-Schutz-2019-NB.jpg\"><img loading=\"lazy\" decoding=\"async\" src=\"https:\/\/treteaux.ch\/cms\/wp-content\/uploads\/2019\/09\/Ulrich-Schutz-2019-NB-269x300.jpg\" width=\"269\" height=\"300\" alt=\"\" class=\"wp-image-6355 alignnone size-medium\" srcset=\"https:\/\/treteaux.ch\/cms\/wp-content\/uploads\/2019\/09\/Ulrich-Schutz-2019-NB-269x300.jpg 269w, https:\/\/treteaux.ch\/cms\/wp-content\/uploads\/2019\/09\/Ulrich-Schutz-2019-NB.jpg 670w\" sizes=\"(max-width: 269px) 100vw, 269px\" \/><\/a><a href=\"https:\/\/treteaux.ch\/cms\/wp-content\/uploads\/2019\/09\/Ulrich-Schutz-2019-NB.jpg\"><\/a><\/p>\n<p style=\"text-align: center;\"><strong>Ulrich Sch\u00fctz<\/strong><br \/>\u00c9clairagiste et r\u00e9gisseur<\/p><\/div>\n\t\t\t<\/div>\n\t\t\t<\/div><div class=\"et_d4_element et_pb_column_1_3 et_pb_column et_pb_column_14  et_pb_css_mix_blend_mode et-last-child et_block_column\">\n\t\t\t\t\n\t\t\t\t\n\t\t\t\t\n\t\t\t\t\n\t\t\t\t<div class=\"et_pb_module et_d4_element et_pb_text et_pb_text_14  et_pb_text_align_left et_pb_bg_layout_light\">\n\t\t\t\t\n\t\t\t\t\n\t\t\t\t\n\t\t\t\t\n\t\t\t\t<div class=\"et_pb_text_inner\"><p style=\"text-align: center;\"><a href=\"https:\/\/treteaux.ch\/cms\/wp-content\/uploads\/2019\/09\/Nicolas-Gremaud-2019-NB.jpg\"><\/a><a href=\"https:\/\/treteaux.ch\/cms\/wp-content\/uploads\/2019\/09\/Nicolas-Gremaud-2019-NB.jpg\"><img loading=\"lazy\" decoding=\"async\" src=\"https:\/\/treteaux.ch\/cms\/wp-content\/uploads\/2019\/09\/Nicolas-Gremaud-2019-NB-258x300.jpg\" alt=\"\" class=\"wp-image-6379 alignnone size-medium\" width=\"258\" height=\"300\" \/><\/a><\/p>\n<p style=\"text-align: center;\"><strong>Nicolas Gremaud<\/strong><br \/>Pr\u00e9sident de 2004 \u00e0 2020<\/p><\/div>\n\t\t\t<\/div>\n\t\t\t<\/div>\n\t\t\t\t\n\t\t\t\t\n\t\t\t\t\n\t\t\t\t\n\t\t\t<\/div><div class=\"et_d4_element et_pb_row et_pb_row_7  et_pb_css_mix_blend_mode et_block_row\">\n\t\t\t\t<div class=\"et_d4_element et_pb_column_1_4 et_pb_column et_pb_column_15  et_pb_css_mix_blend_mode et_block_column\">\n\t\t\t\t\n\t\t\t\t\n\t\t\t\t\n\t\t\t\t\n\t\t\t\t<div class=\"et_pb_module et_d4_element et_pb_text et_pb_text_15  et_pb_text_align_left et_pb_bg_layout_light\">\n\t\t\t\t\n\t\t\t\t\n\t\t\t\t\n\t\t\t\t\n\t\t\t\t<div class=\"et_pb_text_inner\"><p style=\"text-align: center;\"><strong><a href=\"https:\/\/treteaux.ch\/cms\/wp-content\/uploads\/2019\/09\/Jean-Bernard-Tissot-2019-NB.jpg\"><\/a><a href=\"https:\/\/treteaux.ch\/cms\/wp-content\/uploads\/2019\/09\/Jean-Bernard-Tissot-2019-NB.jpg\"><img loading=\"lazy\" decoding=\"async\" src=\"https:\/\/treteaux.ch\/cms\/wp-content\/uploads\/2019\/09\/Jean-Bernard-Tissot-2019-NB-266x300.jpg\" alt=\"\" class=\"wp-image-6378 alignnone size-medium\" width=\"266\" height=\"300\" \/><\/a><a href=\"https:\/\/treteaux.ch\/cms\/wp-content\/uploads\/2019\/09\/Jean-Bernard-Tissot-2019-NB.jpg\"><\/a><\/strong><\/p>\n<p style=\"text-align: center;\"><strong>Jean-Bernard Tissot<\/strong><\/p>\n<p style=\"text-align: center;\">Animateur de la Compagnie de Saint Nicolas de 1997 \u00e0 2021<br \/>Pr\u00e9sident d\u00e8s 2021<\/p><\/div>\n\t\t\t<\/div>\n\t\t\t<\/div><div class=\"et_d4_element et_pb_column_1_4 et_pb_column et_pb_column_16  et_pb_css_mix_blend_mode et_block_column\">\n\t\t\t\t\n\t\t\t\t\n\t\t\t\t\n\t\t\t\t\n\t\t\t\t<div class=\"et_pb_module et_d4_element et_pb_text et_pb_text_16  et_pb_text_align_left et_pb_bg_layout_light\">\n\t\t\t\t\n\t\t\t\t\n\t\t\t\t\n\t\t\t\t\n\t\t\t\t<div class=\"et_pb_text_inner\"><p><a href=\"https:\/\/treteaux.ch\/cms\/wp-content\/uploads\/2021\/02\/Josiane-site-honneur-norm.jpg\"><\/a><a href=\"https:\/\/treteaux.ch\/cms\/wp-content\/uploads\/2021\/02\/Josiane-site-honneur-norm.jpg\"><\/a><a href=\"https:\/\/treteaux.ch\/cms\/wp-content\/uploads\/2021\/02\/Josiane-site-honneur-norm.jpg\"><img loading=\"lazy\" decoding=\"async\" src=\"https:\/\/treteaux.ch\/cms\/wp-content\/uploads\/2021\/02\/Josiane-site-honneur-norm-266x300.jpg\" alt=\"\" class=\"wp-image-6748 alignnone size-medium\" width=\"266\" height=\"300\" \/><\/a><a href=\"https:\/\/treteaux.ch\/cms\/wp-content\/uploads\/2021\/02\/Josiane-site-honneur-norm.jpg\"><\/a><a href=\"https:\/\/treteaux.ch\/cms\/wp-content\/uploads\/2021\/02\/Josiane-site-honneur-norm.jpg\"><\/a><\/p>\n<p style=\"text-align: center;\"><strong>Josiane Oberson<\/strong><\/p><\/div>\n\t\t\t<\/div>\n\t\t\t<\/div><div class=\"et_d4_element et_pb_column_1_4 et_pb_column et_pb_column_17  et_pb_css_mix_blend_mode et_block_column\">\n\t\t\t\t\n\t\t\t\t\n\t\t\t\t\n\t\t\t\t\n\t\t\t\t<div class=\"et_pb_module et_d4_element et_pb_text et_pb_text_17  et_pb_text_align_left et_pb_bg_layout_light\">\n\t\t\t\t\n\t\t\t\t\n\t\t\t\t\n\t\t\t\t\n\t\t\t\t<div class=\"et_pb_text_inner\"><p style=\"text-align: center;\"><a href=\"https:\/\/treteaux.ch\/cms\/wp-content\/uploads\/2019\/09\/Viviane-Gremaud-2019-NB.jpg\"><img loading=\"lazy\" decoding=\"async\" src=\"https:\/\/treteaux.ch\/cms\/wp-content\/uploads\/2019\/09\/Viviane-Gremaud-2019-NB-240x300.jpg\" alt=\"\" class=\"wp-image-6381 alignnone size-medium\" width=\"266\" height=\"300\" \/><\/a><\/p>\n<p style=\"text-align: center;\"><strong>Viviane Gremaud<\/strong><\/p><\/div>\n\t\t\t<\/div>\n\t\t\t<\/div><div class=\"et_d4_element et_pb_column_1_4 et_pb_column et_pb_column_18  et_pb_css_mix_blend_mode et-last-child et_block_column\">\n\t\t\t\t\n\t\t\t\t\n\t\t\t\t\n\t\t\t\t\n\t\t\t\t<div class=\"et_pb_module et_d4_element et_pb_text et_pb_text_18  et_pb_text_align_left et_pb_bg_layout_light\">\n\t\t\t\t\n\t\t\t\t\n\t\t\t\t\n\t\t\t\t\n\t\t\t\t<div class=\"et_pb_text_inner\"><p style=\"text-align: center;\"><strong><a href=\"https:\/\/treteaux.ch\/cms\/wp-content\/uploads\/2023\/10\/Mike-gris.jpg\"><img loading=\"lazy\" decoding=\"async\" src=\"https:\/\/treteaux.ch\/cms\/wp-content\/uploads\/2023\/10\/Mike-gris.jpg\" width=\"200\" height=\"200\" alt=\"\" class=\"wp-image-8223 alignnone size-full\" srcset=\"https:\/\/treteaux.ch\/cms\/wp-content\/uploads\/2023\/10\/Mike-gris.jpg 200w, https:\/\/treteaux.ch\/cms\/wp-content\/uploads\/2023\/10\/Mike-gris-150x150.jpg 150w\" sizes=\"(max-width: 200px) 100vw, 200px\" \/><\/a><a href=\"https:\/\/treteaux.ch\/cms\/wp-content\/uploads\/2019\/09\/Jean-Bernard-Tissot-2019-NB.jpg\"><\/a><a href=\"https:\/\/treteaux.ch\/cms\/wp-content\/uploads\/2019\/09\/Jean-Bernard-Tissot-2019-NB.jpg\"><\/a><\/strong><\/p>\n<p style=\"text-align: center;\"><strong>Michel-Robert Maillard, dit Mike<\/strong><\/p><\/div>\n\t\t\t<\/div>\n\t\t\t<\/div>\n\t\t\t\t\n\t\t\t\t\n\t\t\t\t\n\t\t\t\t\n\t\t\t<\/div>\n\t\t\t\t\n\t\t\t\t\n\t\t\t<\/div><\/p>\n","protected":false},"excerpt":{"rendered":"","protected":false},"author":9,"featured_media":0,"parent":43,"menu_order":20,"comment_status":"closed","ping_status":"closed","template":"","meta":{"_acf_changed":false,"ngg_post_thumbnail":0,"_et_pb_use_builder":"on","_et_pb_old_content":"<h1 style=\"text-align: center;\">\u00a0<\/h1><h1 style=\"text-align: center;\">Le Comit\u00e9<\/h1><table border=\"0\" align=\"center\"><tbody><tr><td><p style=\"text-align: center;\">Vacant<\/p><p style=\"text-align: center;\"><span style=\"font-size: 14px;\">Pr\u00e9sidence<\/span><\/p><\/td><td>[caption id=\"attachment_67\" align=\"aligncenter\" width=\"100\"]<a href=\"https:\/\/treteaux.ch\/cms\/wp-content\/uploads\/2014\/03\/jbtissot.jpg\"><img class=\"size-full wp-image-67\" src=\"https:\/\/treteaux.ch\/cms\/wp-content\/uploads\/2014\/03\/jbtissot.jpg\" alt=\"Jean-Bernard Tissot Vice-pr\u00e9sident\" width=\"100\" height=\"123\"><\/a> Jean-Bernard Tissot<br>Vice-pr\u00e9sident[\/caption]<\/td><\/tr><tr><td>[caption id=\"attachment_74\" align=\"aligncenter\" width=\"100\"]<a href=\"https:\/\/treteaux.ch\/cms\/wp-content\/uploads\/2014\/03\/jpg_tsavary.jpg\"><img class=\"size-full wp-image-74 \" src=\"https:\/\/treteaux.ch\/cms\/wp-content\/uploads\/2014\/03\/jpg_tsavary.jpg\" alt=\"Th\u00e9o Savary Metteur en sc\u00e8ne, troupe d\u2019enfants\" width=\"100\" height=\"121\"><\/a> Th\u00e9o Savary<br>Metteur en sc\u00e8ne, troupe d\u2019enfants[\/caption]<\/td><td><p style=\"text-align: center;\">Vacant<\/p><p style=\"text-align: center;\"><span style=\"font-size: 14px;\">Secr\u00e9taire<\/span><\/p><\/td><\/tr><tr><td>[caption id=\"attachment_69\" align=\"aligncenter\" width=\"100\"]<a href=\"https:\/\/treteaux.ch\/cms\/wp-content\/uploads\/2014\/03\/jpg_ngremaud.jpg\"><img class=\"size-full wp-image-69 \" src=\"https:\/\/treteaux.ch\/cms\/wp-content\/uploads\/2014\/03\/jpg_ngremaud.jpg\" alt=\"Nicolas Gremaud\" width=\"100\" height=\"112\"><\/a> Nicolas Gremaud[\/caption]<\/td><td>[caption id=\"attachment_75\" align=\"aligncenter\" width=\"100\"]<a href=\"https:\/\/treteaux.ch\/cms\/wp-content\/uploads\/2014\/03\/jpg_vgremaud.jpg\"><img class=\"size-full wp-image-75\" title=\"Viviane Gremaud\" src=\"https:\/\/treteaux.ch\/cms\/wp-content\/uploads\/2014\/03\/jpg_vgremaud.jpg\" alt=\"Viviane Gremaud\" width=\"100\" height=\"111\"><\/a> Viviane Gremaud<br>Tr\u00e9sori\u00e8re[\/caption]<\/td><\/tr><\/tbody><\/table><h1 style=\"text-align: center;\">Membres d'honneur<\/h1><table border=\"0\" cellpadding=\"10\" align=\"center\"><tbody><tr><td>[caption id=\"attachment_72\" align=\"aligncenter\" width=\"100\"]<a href=\"https:\/\/treteaux.ch\/cms\/wp-content\/uploads\/2014\/03\/jpg_steinauer.jpg\"><img class=\"size-full wp-image-72\" src=\"https:\/\/treteaux.ch\/cms\/wp-content\/uploads\/2014\/03\/jpg_steinauer.jpg\" alt=\"Henri Steinauer \u2020 2004 Pr\u00e9sident de 1956-1989 Pr\u00e9sident d\u2019honneur\" width=\"100\" height=\"128\"><\/a> Henri Steinauer<br>\u2020 2004<br>Pr\u00e9sident de 1956-1989<br>Pr\u00e9sident d\u2019honneur[\/caption]<\/td><td>[caption id=\"attachment_66\" align=\"aligncenter\" width=\"100\"]<a href=\"https:\/\/treteaux.ch\/cms\/wp-content\/uploads\/2014\/03\/fdey.jpg\"><img class=\"size-full wp-image-66\" src=\"https:\/\/treteaux.ch\/cms\/wp-content\/uploads\/2014\/03\/fdey.jpg\" alt=\"Fernand Dey Metteur en sc\u00e8ne de 1966-2006 Membre d\u2019honneur\" width=\"100\" height=\"121\"><\/a> Fernand Dey<br>Metteur en sc\u00e8ne de 1966-2006<br>Membre d\u2019honneur[\/caption]<\/td><\/tr><tr><td>[caption id=\"attachment_3677\" align=\"aligncenter\" width=\"150\"]<a href=\"https:\/\/treteaux.ch\/cms\/wp-content\/uploads\/2016\/04\/Th\u00e9o-2005-gris.jpg\"><img class=\"wp-image-3677 size-thumbnail\" src=\"https:\/\/treteaux.ch\/cms\/wp-content\/uploads\/2016\/04\/Th\u00e9o-2005-gris-150x150.jpg\" alt=\"Th\u00e9o Savary\" width=\"150\" height=\"150\"><\/a> Th\u00e9o Savary Metteur en sc\u00e8ne, pr\u00e9sident de 1991 \u00e0 2003[\/caption]<\/td><td>[caption id=\"attachment_3676\" align=\"aligncenter\" width=\"150\"]<a href=\"https:\/\/treteaux.ch\/cms\/wp-content\/uploads\/2016\/04\/Ulrich-Sch\u00fctz.jpg\"><img class=\"wp-image-3676 size-thumbnail\" src=\"https:\/\/treteaux.ch\/cms\/wp-content\/uploads\/2016\/04\/Ulrich-Sch\u00fctz-150x150.jpg\" alt=\"Ulrich Sch\u00fctz\" width=\"150\" height=\"150\"><\/a> Ulrich Sch\u00fctz \u00c9clairagiste et r\u00e9gisseur[\/caption]<\/td><\/tr><tr><td>[caption id=\"attachment_69\" align=\"aligncenter\" width=\"100\"]<a href=\"https:\/\/treteaux.ch\/cms\/wp-content\/uploads\/2014\/03\/jpg_ngremaud.jpg\"><img class=\"size-full wp-image-69 \" src=\"https:\/\/treteaux.ch\/cms\/wp-content\/uploads\/2014\/03\/jpg_ngremaud.jpg\" alt=\"Nicolas Gremaud\" width=\"100\" height=\"112\"><\/a> Nicolas Gremaud Pr\u00e9sident de 2004 \u00e0 2016[\/caption]<\/td><td>\u00a0<\/td><\/tr><\/tbody><\/table>","_et_gb_content_width":"","footnotes":""},"class_list":["post-59","page","type-page","status-publish","hentry"],"acf":[],"jetpack_sharing_enabled":true,"_links":{"self":[{"href":"https:\/\/treteaux.ch\/cms\/wp-json\/wp\/v2\/pages\/59","targetHints":{"allow":["GET"]}}],"collection":[{"href":"https:\/\/treteaux.ch\/cms\/wp-json\/wp\/v2\/pages"}],"about":[{"href":"https:\/\/treteaux.ch\/cms\/wp-json\/wp\/v2\/types\/page"}],"author":[{"embeddable":true,"href":"https:\/\/treteaux.ch\/cms\/wp-json\/wp\/v2\/users\/9"}],"replies":[{"embeddable":true,"href":"https:\/\/treteaux.ch\/cms\/wp-json\/wp\/v2\/comments?post=59"}],"version-history":[{"count":90,"href":"https:\/\/treteaux.ch\/cms\/wp-json\/wp\/v2\/pages\/59\/revisions"}],"predecessor-version":[{"id":8356,"href":"https:\/\/treteaux.ch\/cms\/wp-json\/wp\/v2\/pages\/59\/revisions\/8356"}],"up":[{"embeddable":true,"href":"https:\/\/treteaux.ch\/cms\/wp-json\/wp\/v2\/pages\/43"}],"wp:attachment":[{"href":"https:\/\/treteaux.ch\/cms\/wp-json\/wp\/v2\/media?parent=59"}],"curies":[{"name":"wp","href":"https:\/\/api.w.org\/{rel}","templated":true}]}}