{"id":2127,"date":"2014-03-11T09:49:38","date_gmt":"2014-03-11T08:49:38","guid":{"rendered":"http:\/\/treteaux.ch\/cms\/?page_id=2127"},"modified":"2019-06-14T19:34:38","modified_gmt":"2019-06-14T18:34:38","slug":"candide-2","status":"publish","type":"project","link":"https:\/\/treteaux.ch\/cms\/project\/candide-2\/","title":{"rendered":"Candide"},"content":{"rendered":"<div class=\"et_d4_element et_pb_section et_pb_section_0  et_pb_css_mix_blend_mode et_section_regular et_block_section\" >\n\t\t\t\t\n\t\t\t\t\n\t\t\t\t\n\t\t\t\t\n\t\t\t\t\n\t\t\t\t\n\t\t\t\t<div class=\"et_d4_element et_pb_row et_pb_row_0  et_pb_css_mix_blend_mode et_block_row\">\n\t\t\t\t<div class=\"et_d4_element et_pb_column_4_4 et_pb_column et_pb_column_0  et_pb_css_mix_blend_mode et-last-child et_block_column\">\n\t\t\t\t\n\t\t\t\t\n\t\t\t\t\n\t\t\t\t\n\t\t\t\t<div class=\"et_pb_module et_d4_element et_pb_nextend_smart_slider_3 et_pb_nextend_smart_slider_3_0\">\n\t\t\t\t\n\t\t\t\t\n\t\t\t\t\n\t\t\t\t\n\t\t\t\t\n\t\t\t\t\n\t\t\t\t<div class=\"et_pb_module_inner\">\n\t\t\t\t\t\n\t\t\t\t<\/div>\n\t\t\t<\/div><div class=\"et_pb_module et_d4_element et_pb_text et_pb_text_0  et_pb_text_align_left et_pb_bg_layout_light\">\n\t\t\t\t\n\t\t\t\t\n\t\t\t\t\n\t\t\t\t\n\t\t\t\t<div class=\"et_pb_text_inner\"><h1>Candide<\/h1>\n<p>d\u2019apr\u00e8s Voltaire<\/p>\n<p>En collaboration avec l\u2019Ensemble musical SERENATA (guitares, mandolines, basses) et Popol Lavanchy (contrebasse), les Tr\u00e9teaux ont pr\u00e9sent\u00e9 en huit tableaux le p\u00e9riple de Candide, de Cun\u00e9gonde et du philosophe Pangloss. Ils vous ont fait vivre un voyage musical plein de rebondissements, m\u00ealant humour, trag\u00e9die et passion\u2026<\/p><\/div>\n\t\t\t<\/div><div class=\"et_pb_module et_d4_element et_pb_text et_pb_text_1  et_pb_text_align_left et_pb_bg_layout_light\">\n\t\t\t\t\n\t\t\t\t\n\t\t\t\t\n\t\t\t\t\n\t\t\t\t<div class=\"et_pb_text_inner\"><p>ngg_shortcode_0_placeholder<\/p><\/div>\n\t\t\t<\/div>\n\t\t\t<\/div>\n\t\t\t\t\n\t\t\t\t\n\t\t\t\t\n\t\t\t\t\n\t\t\t<\/div><div class=\"et_d4_element et_pb_row et_pb_row_1  et_pb_css_mix_blend_mode et_block_row\">\n\t\t\t\t<div class=\"et_d4_element et_pb_column_1_4 et_pb_column et_pb_column_1  et_pb_css_mix_blend_mode et_block_column\">\n\t\t\t\t\n\t\t\t\t\n\t\t\t\t\n\t\t\t\t\n\t\t\t\t<div class=\"et_pb_module et_d4_element et_pb_text et_pb_text_2  et_pb_text_align_left et_pb_bg_layout_light\">\n\t\t\t\t\n\t\t\t\t\n\t\t\t\t\n\t\t\t\t\n\t\t\t\t<div class=\"et_pb_text_inner\"><h2>L\u2019ensemble Serenata<\/h2>\n<div>\n<ul>\n<li>Danielle Meyer mandoline<\/li>\n<li>Th\u00e9o Schicker guitare<\/li>\n<li>Roger Toffel guitare<\/li>\n<li>Fr\u00e9d\u00e9ric Vial guitare<\/li>\n<li>Ir\u00e8ne Valloton mandolin<\/li>\n<\/ul>\n<\/div><\/div>\n\t\t\t<\/div>\n\t\t\t<\/div><div class=\"et_d4_element et_pb_column_1_4 et_pb_column et_pb_column_2  et_pb_css_mix_blend_mode et_block_column\">\n\t\t\t\t\n\t\t\t\t\n\t\t\t\t\n\t\t\t\t\n\t\t\t\t<div class=\"et_pb_module et_d4_element et_pb_text et_pb_text_3  et_pb_text_align_left et_pb_bg_layout_light\">\n\t\t\t\t\n\t\t\t\t\n\t\t\t\t\n\t\t\t\t\n\t\t\t\t<div class=\"et_pb_text_inner\"><h1>Equipe de r\u00e9alisation<\/h1>\n<ul>\n<li>Mise en sc\u00e8ne et d\u00e9cors Th\u00e9o Savary<\/li>\n<li>Costumes Annoa Zumkeller<\/li>\n<li>R\u00e9gie son-lumi\u00e8re And\u00e9ol Demierre, Ulrich Sch\u00fctz<\/li>\n<li>R\u00e9gie d\u00e9cors Jean-Daniel Andrey<\/li>\n<li>Maquillage C\u00e9cile Pipoz<\/li>\n<\/ul><\/div>\n\t\t\t<\/div>\n\t\t\t<\/div><div class=\"et_d4_element et_pb_column_1_4 et_pb_column et_pb_column_3  et_pb_css_mix_blend_mode et_block_column\">\n\t\t\t\t\n\t\t\t\t\n\t\t\t\t\n\t\t\t\t\n\t\t\t\t<div class=\"et_pb_module et_d4_element et_pb_text et_pb_text_4  et_pb_text_align_left et_pb_bg_layout_light\">\n\t\t\t\t\n\t\t\t\t\n\t\t\t\t\n\t\t\t\t\n\t\t\t\t<div class=\"et_pb_text_inner\"><h2>Distribution<\/h2>\n<p>(par ordre d\u2019entr\u00e9e en sc\u00e8ne)<\/p>\n<ul>\n<li>La Baronne Elisabeth Saudou<\/li>\n<li>L\u2019Aum\u00f4nier Lo\u00efc Stankovic<\/li>\n<li>Le Piqueur Xavier Chollet<\/li>\n<li>Paquette Sophie Pasquier<\/li>\n<li>Pangloss Arnaud Hoffer<\/li>\n<li>Cun\u00e9gonde Elsa Monot<\/li>\n<li>Candide Alexandre Hain<\/li>\n<li>1er Sous-officier Yohan Pusceddu<\/li>\n<li>2\u00e8me Sous-officier Yandira Jeanneret<\/li>\n<\/ul><\/div>\n\t\t\t<\/div>\n\t\t\t<\/div><div class=\"et_d4_element et_pb_column_1_4 et_pb_column et_pb_column_4  et_pb_css_mix_blend_mode et-last-child et_block_column\">\n\t\t\t\t\n\t\t\t\t\n\t\t\t\t\n\t\t\t\t\n\t\t\t\t<div class=\"et_pb_module et_d4_element et_pb_text et_pb_text_5  et_pb_text_align_left et_pb_bg_layout_light\">\n\t\t\t\t\n\t\t\t\t\n\t\t\t\t\n\t\t\t\t\n\t\t\t\t<div class=\"et_pb_text_inner\"><ul>\n<li>3\u00e8me Sous-officier Floriane Bl\u00f6sch<\/li>\n<li>La Reine bulgare V\u00e9ronique Andrey<\/li>\n<li>La Veuve Andreia Marques<\/li>\n<li>La Femme au tr\u00e9sor Christelle Grangier<\/li>\n<li>La Soeur Julia Julie Sallin<\/li>\n<li>La Sans-famille Sandrine Buchs<\/li>\n<li>Cacambo Cindy Marques<\/li>\n<li>La Vieille Sandra Farinella<\/li>\n<li>Le Bon Vieux Turc C\u00e9dric Castella<\/li>\n<\/ul><\/div>\n\t\t\t<\/div>\n\t\t\t<\/div>\n\t\t\t\t\n\t\t\t\t\n\t\t\t\t\n\t\t\t\t\n\t\t\t<\/div>\n\t\t\t\t\n\t\t\t\t\n\t\t\t<\/div>\n","protected":false},"excerpt":{"rendered":"","protected":false},"author":9,"featured_media":6245,"comment_status":"closed","ping_status":"closed","template":"","meta":{"_acf_changed":false,"ngg_post_thumbnail":0,"_et_pb_use_builder":"on","_et_pb_old_content":"<div>\r\n<h1><span style=\"font-size: 16px;\">d\u2019apr\u00e8s Voltaire<\/span><\/h1>\r\n<span style=\"font-size: 12px;\">En collaboration avec l\u2019Ensemble musical SERENATA (guitares, mandolines, basses) et Popol Lavanchy (contrebasse), les Tr\u00e9teaux ont pr\u00e9sent\u00e9 en huit tableaux le p\u00e9riple de Candide, de Cun\u00e9gonde et du philosophe Pangloss. Ils vous ont fait vivre un voyage musical plein de rebondissements, m\u00ealant humour, trag\u00e9die et passion\u2026<\/span>\r\n\r\n<\/div>\r\n<h2>L\u2019ensemble Serenata<\/h2>\r\n<div>\r\n<ul>\r\n\t<li>Danielle Meyer mandoline<\/li>\r\n\t<li>Th\u00e9o Schicker guitare<\/li>\r\n\t<li>Roger Toffel guitare<\/li>\r\n\t<li>Fr\u00e9d\u00e9ric Vial guitare<\/li>\r\n\t<li>Ir\u00e8ne Valloton mandolin<\/li>\r\n<\/ul>\r\nMise en sc\u00e8ne et d\u00e9cors Th\u00e9o Savary\r\nCostumes Annoa Zumkeller\r\nR\u00e9gie son-lumi\u00e8re And\u00e9ol Demierre, Ulrich Sch\u00fctz\r\nR\u00e9gie d\u00e9cors Jean-Daniel Andrey\r\nMaquillage C\u00e9cile Pipoz\r\n<h2>Distribution\r\npar ordre d\u2019entr\u00e9e en sc\u00e8ne<\/h2>\r\n<ul>\r\n\t<li>La Baronne Elisabeth Saudou<\/li>\r\n\t<li>L\u2019Aum\u00f4nier Lo\u00efc Stankovic<\/li>\r\n\t<li>Le Piqueur Xavier Chollet<\/li>\r\n\t<li>Paquette Sophie Pasquier<\/li>\r\n\t<li>Pangloss Arnaud Hoffer<\/li>\r\n\t<li>Cun\u00e9gonde Elsa Monot<\/li>\r\n\t<li>Candide Alexandre Hain<\/li>\r\n\t<li>1er Sous-officier Yohan Pusceddu<\/li>\r\n\t<li>2\u00e8me Sous-officier Yandira Jeanneret<\/li>\r\n\t<li>3\u00e8me Sous-officier Floriane Bl\u00f6sch<\/li>\r\n\t<li>La Reine bulgare V\u00e9ronique Andrey<\/li>\r\n\t<li>La Veuve Andreia Marques<\/li>\r\n\t<li>La Femme au tr\u00e9sor Christelle Grangier<\/li>\r\n\t<li>La Soeur Julia Julie Sallin<\/li>\r\n\t<li>La Sans-famille Sandrine Buchs<\/li>\r\n\t<li>Cacambo Cindy Marques<\/li>\r\n\t<li>La Vieille Sandra Farinella<\/li>\r\n\t<li>Le Bon Vieux Turc C\u00e9dric Castella<\/li>\r\n<\/ul>\r\n<\/div>","_et_gb_content_width":"","footnotes":""},"project_category":[28],"project_tag":[],"class_list":["post-2127","project","type-project","status-publish","has-post-thumbnail","hentry","project_category-spectacle"],"acf":[],"jetpack_sharing_enabled":true,"_links":{"self":[{"href":"https:\/\/treteaux.ch\/cms\/wp-json\/wp\/v2\/project\/2127","targetHints":{"allow":["GET"]}}],"collection":[{"href":"https:\/\/treteaux.ch\/cms\/wp-json\/wp\/v2\/project"}],"about":[{"href":"https:\/\/treteaux.ch\/cms\/wp-json\/wp\/v2\/types\/project"}],"author":[{"embeddable":true,"href":"https:\/\/treteaux.ch\/cms\/wp-json\/wp\/v2\/users\/9"}],"replies":[{"embeddable":true,"href":"https:\/\/treteaux.ch\/cms\/wp-json\/wp\/v2\/comments?post=2127"}],"version-history":[{"count":9,"href":"https:\/\/treteaux.ch\/cms\/wp-json\/wp\/v2\/project\/2127\/revisions"}],"predecessor-version":[{"id":6252,"href":"https:\/\/treteaux.ch\/cms\/wp-json\/wp\/v2\/project\/2127\/revisions\/6252"}],"wp:featuredmedia":[{"embeddable":true,"href":"https:\/\/treteaux.ch\/cms\/wp-json\/wp\/v2\/media\/6245"}],"wp:attachment":[{"href":"https:\/\/treteaux.ch\/cms\/wp-json\/wp\/v2\/media?parent=2127"}],"wp:term":[{"taxonomy":"project_category","embeddable":true,"href":"https:\/\/treteaux.ch\/cms\/wp-json\/wp\/v2\/project_category?post=2127"},{"taxonomy":"project_tag","embeddable":true,"href":"https:\/\/treteaux.ch\/cms\/wp-json\/wp\/v2\/project_tag?post=2127"}],"curies":[{"name":"wp","href":"https:\/\/api.w.org\/{rel}","templated":true}]}}