{"id":507,"date":"2014-03-10T08:24:14","date_gmt":"2014-03-10T07:24:14","guid":{"rendered":"http:\/\/treteaux.ch\/cms\/?page_id=507"},"modified":"2019-06-14T15:32:41","modified_gmt":"2019-06-14T14:32:41","slug":"le-magasin-des-suicides","status":"publish","type":"project","link":"https:\/\/treteaux.ch\/cms\/project\/le-magasin-des-suicides\/","title":{"rendered":"Le magasin des suicides"},"content":{"rendered":"<div class=\"et_d4_element et_pb_section et_pb_section_0  et_pb_css_mix_blend_mode et_section_regular et_block_section\" >\n\t\t\t\t\n\t\t\t\t\n\t\t\t\t\n\t\t\t\t\n\t\t\t\t\n\t\t\t\t\n\t\t\t\t<div class=\"et_d4_element et_pb_row et_pb_row_0  et_pb_css_mix_blend_mode et_block_row\">\n\t\t\t\t<div class=\"et_d4_element et_pb_column_4_4 et_pb_column et_pb_column_0  et_pb_css_mix_blend_mode et-last-child et_block_column\">\n\t\t\t\t\n\t\t\t\t\n\t\t\t\t\n\t\t\t\t\n\t\t\t\t<div class=\"et_pb_module et_d4_element et_pb_nextend_smart_slider_3 et_pb_nextend_smart_slider_3_0\">\n\t\t\t\t\n\t\t\t\t\n\t\t\t\t\n\t\t\t\t\n\t\t\t\t\n\t\t\t\t\n\t\t\t\t<div class=\"et_pb_module_inner\">\n\t\t\t\t\t\n\t\t\t\t<\/div>\n\t\t\t<\/div>\n\t\t\t<\/div>\n\t\t\t\t\n\t\t\t\t\n\t\t\t\t\n\t\t\t\t\n\t\t\t<\/div><div class=\"et_d4_element et_pb_row et_pb_row_1  et_pb_css_mix_blend_mode et_block_row\">\n\t\t\t\t<div class=\"et_d4_element et_pb_column_4_4 et_pb_column et_pb_column_1  et_pb_css_mix_blend_mode et-last-child et_block_column\">\n\t\t\t\t\n\t\t\t\t\n\t\t\t\t\n\t\t\t\t\n\t\t\t\t<div class=\"et_pb_module et_d4_element et_pb_text et_pb_text_0  et_pb_text_align_left et_pb_bg_layout_light\">\n\t\t\t\t\n\t\t\t\t\n\t\t\t\t\n\t\t\t\t\n\t\t\t\t<div class=\"et_pb_text_inner\"><h1>Le magasin des suicides<\/h1>\n<p>d\u2019apr\u00e8s Jean Teul\u00e9<br \/>adaptation th\u00e9\u00e2trale de J\u00e9r\u00f4me Maradan,<\/p>\n<p>Imaginez un magasin o\u00f9 l\u2019on vend depuis dix g\u00e9n\u00e9rations tous les ingr\u00e9dients possibles pour se suicider. Cette petite entreprise familiale prosp\u00e8re dans la tristesse et l\u2019humeur sombre jusqu\u2019au jour abominable o\u00f9 surgit un adversaire impitoyable\u00a0: la joie de vivre. \"Vous avez rat\u00e9 votre vie\u00a0? Avec nous, vous r\u00e9ussirez votre mort\u00a0!\" Une com\u00e9die \u00e0 mourir de rire\u2026<\/p>\n<div>\n<ul>\n<li>Mise en sc\u00e8ne et sc\u00e9nographie J\u00e9r\u00f4me Maradan<\/li>\n<li>Lumi\u00e8res Ulrich Sch\u00fctz et Thibaud Guillet<\/li>\n<li>Maquillage et coiffure Orf\u00e9a Coiffure, Sandra Farinella et C\u00e9cile Pipoz<\/li>\n<li>D\u00e9cors Xavier Gremaud, Maurice Ruffieux, Martin Magnin, Nathalie Allaire et la troupe<\/li>\n<\/ul>\n<p><strong>Distribution<\/strong> :<\/p>\n<\/div><\/div>\n\t\t\t<\/div>\n\t\t\t<\/div>\n\t\t\t\t\n\t\t\t\t\n\t\t\t\t\n\t\t\t\t\n\t\t\t<\/div><div class=\"et_d4_element et_pb_row et_pb_row_2  et_pb_css_mix_blend_mode et_block_row\">\n\t\t\t\t<div class=\"et_d4_element et_pb_column_1_2 et_pb_column et_pb_column_2  et_pb_css_mix_blend_mode et_block_column\">\n\t\t\t\t\n\t\t\t\t\n\t\t\t\t\n\t\t\t\t\n\t\t\t\t<div class=\"et_pb_module et_d4_element et_pb_text et_pb_text_1  et_pb_text_align_left et_pb_bg_layout_light\">\n\t\t\t\t\n\t\t\t\t\n\t\t\t\t\n\t\t\t\t\n\t\t\t\t<div class=\"et_pb_text_inner\"><ul>\n<li>Lucr\u00e8ce Sandra Farinella<\/li>\n<li>Mishima Jean-Paul Oberson<\/li>\n<li>Marylin Christelle Grangier<\/li>\n<li>Vincent Alexandre Hain<\/li>\n<li>Alan Yohan Pusceddu<\/li>\n<li>Ernest Pierre-Yves Pichonnaz<\/li>\n<li>La dame \u00e2g\u00e9e Josiane Oberson<\/li>\n<li>Le prof de gym Miguel Fernandez<\/li>\n<\/ul><\/div>\n\t\t\t<\/div>\n\t\t\t<\/div><div class=\"et_d4_element et_pb_column_1_2 et_pb_column et_pb_column_3  et_pb_css_mix_blend_mode et-last-child et_block_column\">\n\t\t\t\t\n\t\t\t\t\n\t\t\t\t\n\t\t\t\t\n\t\t\t\t<div class=\"et_pb_module et_d4_element et_pb_text et_pb_text_2  et_pb_text_align_left et_pb_bg_layout_light\">\n\t\t\t\t\n\t\t\t\t\n\t\t\t\t\n\t\t\t\t\n\t\t\t\t<div class=\"et_pb_text_inner\"><ul>\n<li>La cliente exigeante Anne-Lyse Sonney<\/li>\n<li>La repr\u00e9sentante Marie-Th\u00e9r\u00e8se Ruffieux<\/li>\n<li>Les b\u00e9coteurs Arnaud Hoffer, Steve Gallay et Jacques Tissot<\/li>\n<li>La porte-parole Sophie Pasquier<\/li>\n<li>Le journaliste Jacques Tissot<\/li>\n<li>La petite fille Nadine Soylemez<\/li>\n<li>La clocharde Simone Eichenberger<\/li>\n<li>Les clients Isabelle Genilloud, Sandrine Buchs, Anne-Marie Fleury, Am\u00e9lia Monteiro et V\u00e9ronique Andrey<\/li>\n<\/ul><\/div>\n\t\t\t<\/div>\n\t\t\t<\/div>\n\t\t\t\t\n\t\t\t\t\n\t\t\t\t\n\t\t\t\t\n\t\t\t<\/div><div class=\"et_d4_element et_pb_row et_pb_row_3  et_pb_css_mix_blend_mode et_block_row\">\n\t\t\t\t<div class=\"et_d4_element et_pb_column_1_2 et_pb_column et_pb_column_4  et_pb_css_mix_blend_mode et_block_column\">\n\t\t\t\t\n\t\t\t\t\n\t\t\t\t\n\t\t\t\t\n\t\t\t\t<div class=\"et_pb_module et_d4_element et_pb_text et_pb_text_3  et_pb_text_align_left et_pb_bg_layout_light\">\n\t\t\t\t\n\t\t\t\t\n\t\t\t\t\n\t\t\t\t\n\t\t\t\t<div class=\"et_pb_text_inner\"><p><strong>L\u2019auteur&nbsp;: Jean Teul\u00e9<\/strong><\/p>\n<p>Jean Teul\u00e9 est un romancier fran\u00e7ais n\u00e9 en 1953.<\/p>\n<p>Auteur de bandes dessin\u00e9es dans un premier temps, il a d\u00e9but\u00e9 \u00e0 la t\u00e9l\u00e9vision dans L\u2019assiette anglaise de Bernard Rapp ou Nulle part ailleurs sur Canal+. Homme de t\u00e9l\u00e9vision, sc\u00e9nariste, com\u00e9dien, cin\u00e9aste, il est avant tout \u00e9crivain. Ayant abandonn\u00e9 toute autre activit\u00e9, il se consacre d\u00e9sormais \u00e0 l\u2019\u00e9criture. Il a publi\u00e9 Rainbow pour Rimbaud (1991), L\u2019OEil de P\u00e2ques (1992), Ballade pour un p\u00e8re oubli\u00e9 (1995), Darling (1998), Bord cadre (1999), Longues Peines (2001), Les Lois de la gravit\u00e9 (2003), \u00d4 Verlaine&nbsp;! (2004), Je, Fran\u00e7ois Villon (2006), Le Magasin des suicides (2007), Le Montespan (2008), Mangez-le si vous voulez (2009). R\u00e9cemment, il a sorti Charly 9, une biographie passionnante de Charles IX. \u00c0 la ville, Jean Teul\u00e9 est le compagnon de l\u2019actrice Miou-Miou.<\/p><\/div>\n\t\t\t<\/div>\n\t\t\t<\/div><div class=\"et_d4_element et_pb_column_1_2 et_pb_column et_pb_column_5  et_pb_css_mix_blend_mode et-last-child et_block_column\">\n\t\t\t\t\n\t\t\t\t\n\t\t\t\t\n\t\t\t\t\n\t\t\t\t<div class=\"et_pb_module et_d4_element et_pb_text et_pb_text_4  et_pb_text_align_left et_pb_bg_layout_light\">\n\t\t\t\t\n\t\t\t\t\n\t\t\t\t\n\t\t\t\t\n\t\t\t\t<div class=\"et_pb_text_inner\"><p><strong>Le metteur en sc\u00e8ne&nbsp;: J\u00e9r\u00f4me Maradan<\/strong><\/p>\n<p>J\u00e9r\u00f4me Maradan s\u2019est passionn\u00e9 tr\u00e8s t\u00f4t pour l\u2019art dramatique. Apr\u00e8s l\u2019atelier de th\u00e9\u00e2tre du Coll\u00e8ge du Sud, il rejoint La Catillon, puis Le Nouveau Th\u00e9\u00e2tre. Il participe \u00e9galement \u00e0 la com\u00e9die musicale Heidi au Th\u00e9\u00e2tre Barnab\u00e9, \u00e0 Servion. En juillet 2010, il joue dans D\u00e9livrance, au coeur de la ville de Gruy\u00e8res.<\/p>\n<p>Il fonde en 2005 L\u2019Op\u00e9ra des champs et, dans ce cadre, met en sc\u00e8ne \u00e0 la salle CO2 des productions professionnelles, dont H\u00e4nsel &amp; Gretel et bient\u00f4t, en novembre prochain, L\u2019Etoile d\u2019Emmanuel Chabrier.<\/p>\n<p>Par ailleurs, il pr\u00e9pare pour les 10 ans du CO de La Tour-de-Tr\u00eame en 2014 une cr\u00e9ation th\u00e9\u00e2trale et musicale, L\u2019Oeuf ou la Poule&nbsp;?<\/p>\n<p>Parall\u00e8lement \u00e0 cela, J\u00e9r\u00f4me Maradan est l\u2019un des responsables artistiques du spectacle Le No\u00ebl Villageois qui attire \u00e0 Pont-la-Ville plus de 2500 spectateurs chaque hiver et o\u00f9 il a jou\u00e9 durant 10 ans.<\/p><\/div>\n\t\t\t<\/div>\n\t\t\t<\/div>\n\t\t\t\t\n\t\t\t\t\n\t\t\t\t\n\t\t\t\t\n\t\t\t<\/div><div class=\"et_d4_element et_pb_row et_pb_row_4  et_pb_css_mix_blend_mode et_block_row\">\n\t\t\t\t<div class=\"et_d4_element et_pb_column_4_4 et_pb_column et_pb_column_6  et_pb_css_mix_blend_mode et-last-child et_block_column\">\n\t\t\t\t\n\t\t\t\t\n\t\t\t\t\n\t\t\t\t\n\t\t\t\t<div class=\"et_pb_module et_d4_element et_pb_text et_pb_text_5  et_pb_text_align_left et_pb_bg_layout_light\">\n\t\t\t\t\n\t\t\t\t\n\t\t\t\t\n\t\t\t\t\n\t\t\t\t<div class=\"et_pb_text_inner\"><p>ngg_shortcode_0_placeholder<\/p><\/div>\n\t\t\t<\/div>\n\t\t\t<\/div>\n\t\t\t\t\n\t\t\t\t\n\t\t\t\t\n\t\t\t\t\n\t\t\t<\/div>\n\t\t\t\t\n\t\t\t\t\n\t\t\t<\/div>\n","protected":false},"excerpt":{"rendered":"","protected":false},"author":9,"featured_media":6207,"comment_status":"closed","ping_status":"closed","template":"","meta":{"_acf_changed":false,"ngg_post_thumbnail":0,"_et_pb_use_builder":"on","_et_pb_old_content":"<div id=\"conteneur\"><div id=\"contenu\"><div><h1><span style=\"font-size: 16px;\">d\u2019apr\u00e8s Jean Teul\u00e9, adaptation th\u00e9\u00e2trale de J\u00e9r\u00f4me Maradan, 1h15 (sans entracte)<\/span><\/h1><p><small>mercredi 25 avril 2012<\/small><\/p><\/div><div>Imaginez un magasin o\u00f9 l\u2019on vend depuis dix g\u00e9n\u00e9rations tous les ingr\u00e9dients possibles pour se suicider. Cette petite entreprise familiale prosp\u00e8re dans la tristesse et l\u2019humeur sombre jusqu\u2019au jour abominable o\u00f9 surgit un adversaire impitoyable\u00a0: la joie de vivre. \"Vous avez rat\u00e9 votre vie\u00a0? Avec nous, vous r\u00e9ussirez votre mort\u00a0!\" Une com\u00e9die \u00e0 mourir de rire\u2026<\/div><div><p>\u00a0<\/p><ul><li>Mise en sc\u00e8ne et sc\u00e9nographie J\u00e9r\u00f4me Maradan<\/li><li>Lumi\u00e8res Ulrich Sch\u00fctz et Thibaud Guillet<\/li><li>Maquillage et coiffure Orf\u00e9a Coiffure, Sandra Farinella et C\u00e9cile Pipoz<\/li><li>D\u00e9cors Xavier Gremaud, Maurice Ruffieux, Martin Magnin, Nathalie Allaire et la troupe<\/li><\/ul><p>La distribution<\/p><ul><li>Lucr\u00e8ce Sandra Farinella<\/li><li>Mishima Jean-Paul Oberson<\/li><li>Marylin Christelle Grangier<\/li><li>Vincent Alexandre Hain<\/li><li>Alan Yohan Pusceddu<\/li><li>Ernest Pierre-Yves Pichonnaz<\/li><li>La dame \u00e2g\u00e9e Josiane Oberson<\/li><li>Le prof de gym Miguel Fernandez<\/li><li>La cliente exigeante Anne-Lyse Sonney<\/li><li>La repr\u00e9sentante Marie-Th\u00e9r\u00e8se Ruffieux<\/li><li>Les b\u00e9coteurs Arnaud Hoffer, Steve Gallay et Jacques Tissot<\/li><li>La porte-parole Sophie Pasquier<\/li><li>Le journaliste Jacques Tissot<\/li><li>La petite fille Nadine Soylemez<\/li><li>La clocharde Simone Eichenberger<\/li><li>Les clients Isabelle Genilloud, Sandrine Buchs, Anne-Marie Fleury, Am\u00e9lia Monteiro et V\u00e9ronique Andrey<\/li><\/ul><p><strong>L\u2019auteur\u00a0: Jean Teul\u00e9<\/strong><\/p><p>Jean Teul\u00e9 est un romancier fran\u00e7ais n\u00e9 en 1953.<\/p><p>Auteur de bandes dessin\u00e9es dans un premier temps, il a d\u00e9but\u00e9 \u00e0 la t\u00e9l\u00e9vision dans L\u2019assiette anglaise de Bernard Rapp ou Nulle part ailleurs sur Canal+. Homme de t\u00e9l\u00e9vision, sc\u00e9nariste, com\u00e9dien, cin\u00e9aste, il est avant tout \u00e9crivain. Ayant abandonn\u00e9 toute autre activit\u00e9, il se consacre d\u00e9sormais \u00e0 l\u2019\u00e9criture. Il a publi\u00e9 Rainbow pour Rimbaud (1991), L\u2019OEil de P\u00e2ques (1992), Ballade pour un p\u00e8re oubli\u00e9 (1995), Darling (1998), Bord cadre (1999), Longues Peines (2001), Les Lois de la gravit\u00e9 (2003), \u00d4 Verlaine\u00a0! (2004), Je, Fran\u00e7ois Villon (2006), Le Magasin des suicides (2007), Le Montespan (2008), Mangez-le si vous voulez (2009). R\u00e9cemment, il a sorti Charly 9, une biographie passionnante de Charles IX. \u00c0 la ville, Jean Teul\u00e9 est le compagnon de l\u2019actrice Miou-Miou.<\/p><p><strong>Le metteur en sc\u00e8ne\u00a0: J\u00e9r\u00f4me Maradan<\/strong><\/p><p>J\u00e9r\u00f4me Maradan s\u2019est passionn\u00e9 tr\u00e8s t\u00f4t pour l\u2019art dramatique. Apr\u00e8s l\u2019atelier de th\u00e9\u00e2tre du Coll\u00e8ge du Sud, il rejoint La Catillon, puis Le Nouveau Th\u00e9\u00e2tre. Il participe \u00e9galement \u00e0 la com\u00e9die musicale Heidi au Th\u00e9\u00e2tre Barnab\u00e9, \u00e0 Servion. En juillet 2010, il joue dans D\u00e9livrance, au coeur de la ville de Gruy\u00e8res.<\/p><p>Il fonde en 2005 L\u2019Op\u00e9ra des champs et, dans ce cadre, met en sc\u00e8ne \u00e0 la salle CO2 des productions professionnelles, dont H\u00e4nsel & Gretel et bient\u00f4t, en novembre prochain, L\u2019Etoile d\u2019Emmanuel Chabrier.<\/p><p>Par ailleurs, il pr\u00e9pare pour les 10 ans du CO de La Tour-de-Tr\u00eame en 2014 une cr\u00e9ation th\u00e9\u00e2trale et musicale, L\u2019Oeuf ou la Poule\u00a0?<\/p><p>Parall\u00e8lement \u00e0 cela, J\u00e9r\u00f4me Maradan est l\u2019un des responsables artistiques du spectacle Le No\u00ebl Villageois qui attire \u00e0 Pont-la-Ville plus de 2500 spectateurs chaque hiver et o\u00f9 il a jou\u00e9 durant 10 ans.<\/p><\/div><\/div><\/div>","_et_gb_content_width":"","footnotes":""},"project_category":[28],"project_tag":[],"class_list":["post-507","project","type-project","status-publish","has-post-thumbnail","hentry","project_category-spectacle"],"acf":[],"jetpack_sharing_enabled":true,"_links":{"self":[{"href":"https:\/\/treteaux.ch\/cms\/wp-json\/wp\/v2\/project\/507","targetHints":{"allow":["GET"]}}],"collection":[{"href":"https:\/\/treteaux.ch\/cms\/wp-json\/wp\/v2\/project"}],"about":[{"href":"https:\/\/treteaux.ch\/cms\/wp-json\/wp\/v2\/types\/project"}],"author":[{"embeddable":true,"href":"https:\/\/treteaux.ch\/cms\/wp-json\/wp\/v2\/users\/9"}],"replies":[{"embeddable":true,"href":"https:\/\/treteaux.ch\/cms\/wp-json\/wp\/v2\/comments?post=507"}],"version-history":[{"count":7,"href":"https:\/\/treteaux.ch\/cms\/wp-json\/wp\/v2\/project\/507\/revisions"}],"predecessor-version":[{"id":6212,"href":"https:\/\/treteaux.ch\/cms\/wp-json\/wp\/v2\/project\/507\/revisions\/6212"}],"wp:featuredmedia":[{"embeddable":true,"href":"https:\/\/treteaux.ch\/cms\/wp-json\/wp\/v2\/media\/6207"}],"wp:attachment":[{"href":"https:\/\/treteaux.ch\/cms\/wp-json\/wp\/v2\/media?parent=507"}],"wp:term":[{"taxonomy":"project_category","embeddable":true,"href":"https:\/\/treteaux.ch\/cms\/wp-json\/wp\/v2\/project_category?post=507"},{"taxonomy":"project_tag","embeddable":true,"href":"https:\/\/treteaux.ch\/cms\/wp-json\/wp\/v2\/project_tag?post=507"}],"curies":[{"name":"wp","href":"https:\/\/api.w.org\/{rel}","templated":true}]}}